{"id":140185,"date":"2025-02-05T18:10:27","date_gmt":"2025-02-05T18:10:27","guid":{"rendered":"https:\/\/kunstboer.com\/?post_type=product&#038;p=140185"},"modified":"2025-08-31T20:16:03","modified_gmt":"2025-08-31T20:16:03","slug":"sac-carre-fleur-retro","status":"publish","type":"product","link":"https:\/\/kunstboer.com\/fr\/produit\/sac-carre-fleur-retro\/","title":{"rendered":"Sac Carr\u00e9 Fleur retro"},"content":{"rendered":"<p>Le sac a une fa\u00e7ade multicolore<\/p>\n<p>Le sac a une largeur de 25 centim\u00e8tres et une hauteur de 25 centim\u00e8tres.<\/p>\n<p>La profondeur est de 12 centim\u00e8tres.<\/p>\n<p>CerfLa fermeture \u00e0 glissi\u00e8re est de la m\u00eame couleur que le sac et un petit extra est la petite poche int\u00e9rieure avec fermeture \u00e0 glissi\u00e8re.<\/p>\n<script language='javascript' type='text\/javascript'>function getWR360PopupSkin(){return 'light_clean';}<\/script>","protected":false},"excerpt":{"rendered":"<p>Le sac a une fa\u00e7ade multicolore Le sac a une largeur de 25 centim\u00e8tres et une hauteur de 25 centim\u00e8tres. La profondeur est de 12 centim\u00e8tres. CerfLa fermeture \u00e0 glissi\u00e8re est de la m\u00eame couleur que le sac et un petit extra est la petite poche int\u00e9rieure avec fermeture \u00e0 glissi\u00e8re.<\/p>\n","protected":false},"featured_media":140188,"comment_status":"open","ping_status":"closed","template":"","meta":{"_acf_changed":false},"product_brand":[],"product_cat":[730],"product_tag":[],"class_list":{"0":"post-140185","1":"product","2":"type-product","3":"status-publish","4":"has-post-thumbnail","6":"product_cat-tassen-fr","8":"first","9":"instock","10":"taxable","11":"shipping-taxable","12":"purchasable","13":"product-type-simple"},"composite_virtual":false,"composite_layout":"","composite_add_to_cart_form_location":"","composite_editable_in_cart":false,"composite_sold_individually_context":"","composite_shop_price_calc":"","composite_components":[],"composite_scenarios":[],"bundled_by":[],"bundle_stock_status":"instock","bundle_stock_quantity":1,"bundle_virtual":false,"bundle_layout":"","bundle_add_to_cart_form_location":"","bundle_editable_in_cart":false,"bundle_sold_individually_context":"","bundle_item_grouping":"","bundle_min_size":"","bundle_max_size":"","bundle_price":[],"bundled_items":[],"bundle_sell_ids":[],"acf":[],"yoast_head":"<!-- This site is optimized with the Yoast SEO plugin v26.8 - https:\/\/yoast.com\/product\/yoast-seo-wordpress\/ -->\n<title>Sac Carr\u00e9 Fleur retro | Kunstboer<\/title>\n<meta name=\"description\" content=\"Sac Carr\u00e9 fleur retro\" \/>\n<meta name=\"robots\" content=\"index, follow, max-snippet:-1, max-image-preview:large, max-video-preview:-1\" \/>\n<link rel=\"canonical\" href=\"https:\/\/kunstboer.com\/fr\/produit\/sac-carre-fleur-retro\/\" \/>\n<meta property=\"og:locale\" content=\"fr_FR\" \/>\n<meta property=\"og:type\" content=\"article\" \/>\n<meta property=\"og:title\" content=\"Sac Carr\u00e9 Fleur retro | Kunstboer\" \/>\n<meta property=\"og:description\" content=\"Sac Carr\u00e9 fleur retro\" \/>\n<meta property=\"og:url\" content=\"https:\/\/kunstboer.com\/fr\/produit\/sac-carre-fleur-retro\/\" \/>\n<meta property=\"og:site_name\" content=\"Kunstboer\" \/>\n<meta property=\"article:modified_time\" content=\"2025-08-31T20:16:03+00:00\" \/>\n<meta property=\"og:image\" content=\"http:\/\/kunstboer.com\/wp-content\/uploads\/2025\/02\/Onderwerp-7-1024x957.png\" \/>\n\t<meta property=\"og:image:width\" content=\"1024\" \/>\n\t<meta property=\"og:image:height\" content=\"957\" \/>\n\t<meta property=\"og:image:type\" content=\"image\/png\" \/>\n<meta name=\"twitter:card\" content=\"summary_large_image\" \/>\n<meta name=\"twitter:label1\" content=\"Dur\u00e9e de lecture estim\u00e9e\" \/>\n\t<meta name=\"twitter:data1\" content=\"1 minute\" \/>\n<script type=\"application\/ld+json\" class=\"yoast-schema-graph\">{\"@context\":\"https:\/\/schema.org\",\"@graph\":[{\"@type\":\"WebPage\",\"@id\":\"https:\/\/kunstboer.com\/fr\/produit\/sac-carre-fleur-retro\/\",\"url\":\"https:\/\/kunstboer.com\/fr\/produit\/sac-carre-fleur-retro\/\",\"name\":\"Sac Carr\u00e9 Fleur retro | Kunstboer\",\"isPartOf\":{\"@id\":\"https:\/\/kunstboer.com\/#website\"},\"primaryImageOfPage\":{\"@id\":\"https:\/\/kunstboer.com\/fr\/produit\/sac-carre-fleur-retro\/#primaryimage\"},\"image\":{\"@id\":\"https:\/\/kunstboer.com\/fr\/produit\/sac-carre-fleur-retro\/#primaryimage\"},\"thumbnailUrl\":\"https:\/\/kunstboer.com\/wp-content\/uploads\/2025\/02\/Onderwerp-7.png\",\"datePublished\":\"2025-02-05T18:10:27+00:00\",\"dateModified\":\"2025-08-31T20:16:03+00:00\",\"description\":\"Sac Carr\u00e9 fleur retro\",\"breadcrumb\":{\"@id\":\"https:\/\/kunstboer.com\/fr\/produit\/sac-carre-fleur-retro\/#breadcrumb\"},\"inLanguage\":\"fr-FR\",\"potentialAction\":[{\"@type\":\"ReadAction\",\"target\":[\"https:\/\/kunstboer.com\/fr\/produit\/sac-carre-fleur-retro\/\"]}]},{\"@type\":\"ImageObject\",\"inLanguage\":\"fr-FR\",\"@id\":\"https:\/\/kunstboer.com\/fr\/produit\/sac-carre-fleur-retro\/#primaryimage\",\"url\":\"https:\/\/kunstboer.com\/wp-content\/uploads\/2025\/02\/Onderwerp-7.png\",\"contentUrl\":\"https:\/\/kunstboer.com\/wp-content\/uploads\/2025\/02\/Onderwerp-7.png\",\"width\":2070,\"height\":1935},{\"@type\":\"BreadcrumbList\",\"@id\":\"https:\/\/kunstboer.com\/fr\/produit\/sac-carre-fleur-retro\/#breadcrumb\",\"itemListElement\":[{\"@type\":\"ListItem\",\"position\":1,\"name\":\"Home\",\"item\":\"https:\/\/kunstboer.com\/fr\/\"},{\"@type\":\"ListItem\",\"position\":2,\"name\":\"E-Boutique\",\"item\":\"https:\/\/kunstboer.com\/shop\/\"},{\"@type\":\"ListItem\",\"position\":3,\"name\":\"Sac Carr\u00e9 Fleur retro\"}]},{\"@type\":\"WebSite\",\"@id\":\"https:\/\/kunstboer.com\/#website\",\"url\":\"https:\/\/kunstboer.com\/\",\"name\":\"Kunstboer\",\"description\":\"Kleurrijk en verrassend merk\",\"potentialAction\":[{\"@type\":\"SearchAction\",\"target\":{\"@type\":\"EntryPoint\",\"urlTemplate\":\"https:\/\/kunstboer.com\/?s={search_term_string}\"},\"query-input\":{\"@type\":\"PropertyValueSpecification\",\"valueRequired\":true,\"valueName\":\"search_term_string\"}}],\"inLanguage\":\"fr-FR\"}]}<\/script>\n<!-- \/ Yoast SEO plugin. -->","yoast_head_json":{"title":"Sac Carr\u00e9 Fleur retro | Kunstboer","description":"Sac Carr\u00e9 fleur retro","robots":{"index":"index","follow":"follow","max-snippet":"max-snippet:-1","max-image-preview":"max-image-preview:large","max-video-preview":"max-video-preview:-1"},"canonical":"https:\/\/kunstboer.com\/fr\/produit\/sac-carre-fleur-retro\/","og_locale":"fr_FR","og_type":"article","og_title":"Sac Carr\u00e9 Fleur retro | Kunstboer","og_description":"Sac Carr\u00e9 fleur retro","og_url":"https:\/\/kunstboer.com\/fr\/produit\/sac-carre-fleur-retro\/","og_site_name":"Kunstboer","article_modified_time":"2025-08-31T20:16:03+00:00","og_image":[{"width":1024,"height":957,"url":"http:\/\/kunstboer.com\/wp-content\/uploads\/2025\/02\/Onderwerp-7-1024x957.png","type":"image\/png"}],"twitter_card":"summary_large_image","twitter_misc":{"Dur\u00e9e de lecture estim\u00e9e":"1 minute"},"schema":{"@context":"https:\/\/schema.org","@graph":[{"@type":"WebPage","@id":"https:\/\/kunstboer.com\/fr\/produit\/sac-carre-fleur-retro\/","url":"https:\/\/kunstboer.com\/fr\/produit\/sac-carre-fleur-retro\/","name":"Sac Carr\u00e9 Fleur retro | Kunstboer","isPartOf":{"@id":"https:\/\/kunstboer.com\/#website"},"primaryImageOfPage":{"@id":"https:\/\/kunstboer.com\/fr\/produit\/sac-carre-fleur-retro\/#primaryimage"},"image":{"@id":"https:\/\/kunstboer.com\/fr\/produit\/sac-carre-fleur-retro\/#primaryimage"},"thumbnailUrl":"https:\/\/kunstboer.com\/wp-content\/uploads\/2025\/02\/Onderwerp-7.png","datePublished":"2025-02-05T18:10:27+00:00","dateModified":"2025-08-31T20:16:03+00:00","description":"Sac Carr\u00e9 fleur retro","breadcrumb":{"@id":"https:\/\/kunstboer.com\/fr\/produit\/sac-carre-fleur-retro\/#breadcrumb"},"inLanguage":"fr-FR","potentialAction":[{"@type":"ReadAction","target":["https:\/\/kunstboer.com\/fr\/produit\/sac-carre-fleur-retro\/"]}]},{"@type":"ImageObject","inLanguage":"fr-FR","@id":"https:\/\/kunstboer.com\/fr\/produit\/sac-carre-fleur-retro\/#primaryimage","url":"https:\/\/kunstboer.com\/wp-content\/uploads\/2025\/02\/Onderwerp-7.png","contentUrl":"https:\/\/kunstboer.com\/wp-content\/uploads\/2025\/02\/Onderwerp-7.png","width":2070,"height":1935},{"@type":"BreadcrumbList","@id":"https:\/\/kunstboer.com\/fr\/produit\/sac-carre-fleur-retro\/#breadcrumb","itemListElement":[{"@type":"ListItem","position":1,"name":"Home","item":"https:\/\/kunstboer.com\/fr\/"},{"@type":"ListItem","position":2,"name":"E-Boutique","item":"https:\/\/kunstboer.com\/shop\/"},{"@type":"ListItem","position":3,"name":"Sac Carr\u00e9 Fleur retro"}]},{"@type":"WebSite","@id":"https:\/\/kunstboer.com\/#website","url":"https:\/\/kunstboer.com\/","name":"Kunstboer","description":"Kleurrijk en verrassend merk","potentialAction":[{"@type":"SearchAction","target":{"@type":"EntryPoint","urlTemplate":"https:\/\/kunstboer.com\/?s={search_term_string}"},"query-input":{"@type":"PropertyValueSpecification","valueRequired":true,"valueName":"search_term_string"}}],"inLanguage":"fr-FR"}]}},"_links":{"self":[{"href":"https:\/\/kunstboer.com\/fr\/wp-json\/wp\/v2\/product\/140185","targetHints":{"allow":["GET"]}}],"collection":[{"href":"https:\/\/kunstboer.com\/fr\/wp-json\/wp\/v2\/product"}],"about":[{"href":"https:\/\/kunstboer.com\/fr\/wp-json\/wp\/v2\/types\/product"}],"replies":[{"embeddable":true,"href":"https:\/\/kunstboer.com\/fr\/wp-json\/wp\/v2\/comments?post=140185"}],"wp:featuredmedia":[{"embeddable":true,"href":"https:\/\/kunstboer.com\/fr\/wp-json\/wp\/v2\/media\/140188"}],"wp:attachment":[{"href":"https:\/\/kunstboer.com\/fr\/wp-json\/wp\/v2\/media?parent=140185"}],"wp:term":[{"taxonomy":"product_brand","embeddable":true,"href":"https:\/\/kunstboer.com\/fr\/wp-json\/wp\/v2\/product_brand?post=140185"},{"taxonomy":"product_cat","embeddable":true,"href":"https:\/\/kunstboer.com\/fr\/wp-json\/wp\/v2\/product_cat?post=140185"},{"taxonomy":"product_tag","embeddable":true,"href":"https:\/\/kunstboer.com\/fr\/wp-json\/wp\/v2\/product_tag?post=140185"}],"curies":[{"name":"wp","href":"https:\/\/api.w.org\/{rel}","templated":true}]}}